{"id":3386,"date":"2020-09-10T00:37:24","date_gmt":"2020-09-09T21:37:24","guid":{"rendered":"https:\/\/www.tugim.org\/beta\/?post_type=avada_faq&#038;p=3386"},"modified":"2026-02-24T01:47:03","modified_gmt":"2026-02-23T22:47:03","slug":"genel-kurulun-oy-kullanma-ve-karar-alma-usul-ve-sekilleri","status":"publish","type":"avada_faq","link":"https:\/\/www.tugim.org\/en\/faq-items\/genel-kurulun-oy-kullanma-ve-karar-alma-usul-ve-sekilleri\/","title":{"rendered":"Genel Kurulun Oy kullanma ve Karar Alma Usul ve \u015eekilleri"},"content":{"rendered":"<p align=\"justify\"><strong>Madde 8<\/strong><\/p>\n<p><span style=\"font-weight: 400;\">Genel kurulda, aksine karar al\u0131nmam\u0131\u015fsa, oylamalar a\u00e7\u0131k olarak yap\u0131l\u0131r. A\u00e7\u0131k oylamada,\u00a0 genel kurul ba\u015fkan\u0131n\u0131n belirtece\u011fi y\u00f6ntem uygulan\u0131r.<\/span><\/p>\n<p><span style=\"font-weight: 400;\">Gizli oylama yap\u0131lacak olmas\u0131 durumunda ise, toplant\u0131 ba\u015fkan\u0131 taraf\u0131ndan m\u00fch\u00fcrlenmi\u015f k\u00e2\u011f\u0131tlar veya oy pusulalar\u0131 \u00fcyeler taraf\u0131ndan gere\u011fi a\u00e7\u0131k d\u00f6k\u00fcm\u00fc yap\u0131larak sonu\u00e7 belirlenir.<\/span><\/p>\n<p><span style=\"font-weight: 400;\">Genel kurul kararlar\u0131, toplant\u0131ya kat\u0131lan \u00fcyelerin salt \u00e7o\u011funlu\u011fu ile al\u0131n\u0131r. \u015eu kadar ki, t\u00fcz\u00fck de\u011fi\u015fikli\u011fi ve derne\u011fin feshi kararlar\u0131, ancak toplant\u0131ya kat\u0131lan \u00fcyelerin \u00fc\u00e7te iki \u00e7o\u011funlu\u011fu ile al\u0131nabilir.<\/span><\/p>\n<p align=\"justify\"><strong>Toplant\u0131s\u0131z veya \u00c7a\u011fr\u0131s\u0131z Al\u0131nan Kararlar<\/strong><\/p>\n<p align=\"justify\">B\u00fct\u00fcn \u00fcyelerin bir araya gelmeksizin yaz\u0131l\u0131 kat\u0131l\u0131m\u0131yla al\u0131nan kararlar ile dernek \u00fcyelerinin tamam\u0131n\u0131n bu t\u00fcz\u00fckte yaz\u0131l\u0131 \u00e7a\u011fr\u0131 usul\u00fcne uymaks\u0131z\u0131n bir araya gelerek ald\u0131\u011f\u0131 kararlar ge\u00e7erlidir. Bu \u015fekilde karar al\u0131nmas\u0131 ola\u011fan toplant\u0131 yerine ge\u00e7mez.<\/p>","protected":false},"excerpt":{"rendered":"<p>Madde 8 Genel kurulda, aksine karar al\u0131nmam\u0131\u015fsa, oylamalar a\u00e7\u0131k olarak yap\u0131l\u0131r. A\u00e7\u0131k oylamada,\u00a0 genel kurul ba\u015fkan\u0131n\u0131n belirtece\u011fi y\u00f6ntem uygulan\u0131r. Gizli oylama yap\u0131lacak olmas\u0131 durumunda ise, toplant\u0131 ba\u015fkan\u0131 taraf\u0131ndan m\u00fch\u00fcrlenmi\u015f k\u00e2\u011f\u0131tlar veya oy pusulalar\u0131 \u00fcyeler taraf\u0131ndan gere\u011fi a\u00e7\u0131k d\u00f6k\u00fcm\u00fc yap\u0131larak sonu\u00e7 belirlenir. Genel kurul kararlar\u0131, toplant\u0131ya kat\u0131lan \u00fcyelerin salt \u00e7o\u011funlu\u011fu ile al\u0131n\u0131r. \u015eu kadar ki, t\u00fcz\u00fck [&hellip;]<\/p>","protected":false},"author":1,"featured_media":0,"menu_order":0,"comment_status":"open","ping_status":"closed","template":"","format":"standard","meta":{"footnotes":""},"faq_category":[92],"class_list":["post-3386","avada_faq","type-avada_faq","status-publish","format-standard","hentry","faq_category-dernek-tuzugu"],"yoast_head":"<!-- This site is optimized with the Yoast SEO plugin v26.7 - https:\/\/yoast.com\/wordpress\/plugins\/seo\/ -->\n<title>Genel Kurulun Oy kullanma ve Karar Alma Usul ve \u015eekilleri - T\u00dcG\u0130M<\/title>\n<meta name=\"description\" content=\"Genel kurulda, aksine karar al\u0131nmam\u0131\u015fsa, oylamalar a\u00e7\u0131k olarak yap\u0131l\u0131r. A\u00e7\u0131k oylamada, genel kurul ba\u015fkan\u0131n\u0131n belirtece\u011fi y\u00f6ntem uygulan\u0131r.\" \/>\n<meta name=\"robots\" content=\"index, follow, max-snippet:-1, max-image-preview:large, max-video-preview:-1\" \/>\n<link rel=\"canonical\" href=\"https:\/\/www.tugim.org\/en\/faq-items\/genel-kurulun-oy-kullanma-ve-karar-alma-usul-ve-sekilleri\/\" \/>\n<meta property=\"og:locale\" content=\"en_US\" \/>\n<meta property=\"og:type\" content=\"article\" \/>\n<meta property=\"og:title\" content=\"Genel Kurulun Oy kullanma ve Karar Alma Usul ve \u015eekilleri - T\u00dcG\u0130M\" \/>\n<meta property=\"og:description\" content=\"Genel kurulda, aksine karar al\u0131nmam\u0131\u015fsa, oylamalar a\u00e7\u0131k olarak yap\u0131l\u0131r. A\u00e7\u0131k oylamada, genel kurul ba\u015fkan\u0131n\u0131n belirtece\u011fi y\u00f6ntem uygulan\u0131r.\" \/>\n<meta property=\"og:url\" content=\"https:\/\/www.tugim.org\/en\/faq-items\/genel-kurulun-oy-kullanma-ve-karar-alma-usul-ve-sekilleri\/\" \/>\n<meta property=\"og:site_name\" content=\"T\u00dcG\u0130M\" \/>\n<meta property=\"article:modified_time\" content=\"2026-02-23T22:47:03+00:00\" \/>\n<meta property=\"og:image\" content=\"https:\/\/www.tugim.org\/wp-content\/uploads\/2020\/04\/tugim-kay\u0131t-2.jpg\" \/>\n\t<meta property=\"og:image:width\" content=\"1920\" \/>\n\t<meta property=\"og:image:height\" content=\"1080\" \/>\n\t<meta property=\"og:image:type\" content=\"image\/jpeg\" \/>\n<meta name=\"twitter:card\" content=\"summary_large_image\" \/>\n<meta name=\"twitter:label1\" content=\"Est. reading time\" \/>\n\t<meta name=\"twitter:data1\" content=\"1 minute\" \/>\n<script type=\"application\/ld+json\" class=\"yoast-schema-graph\">{\"@context\":\"https:\/\/schema.org\",\"@graph\":[{\"@type\":\"WebPage\",\"@id\":\"https:\/\/www.tugim.org\/faq-items\/genel-kurulun-oy-kullanma-ve-karar-alma-usul-ve-sekilleri\/\",\"url\":\"https:\/\/www.tugim.org\/faq-items\/genel-kurulun-oy-kullanma-ve-karar-alma-usul-ve-sekilleri\/\",\"name\":\"Genel Kurulun Oy kullanma ve Karar Alma Usul ve \u015eekilleri - T\u00dcG\u0130M\",\"isPartOf\":{\"@id\":\"https:\/\/www.tugim.org\/#website\"},\"datePublished\":\"2020-09-09T21:37:24+00:00\",\"dateModified\":\"2026-02-23T22:47:03+00:00\",\"description\":\"Genel kurulda, aksine karar al\u0131nmam\u0131\u015fsa, oylamalar a\u00e7\u0131k olarak yap\u0131l\u0131r. A\u00e7\u0131k oylamada, genel kurul ba\u015fkan\u0131n\u0131n belirtece\u011fi y\u00f6ntem uygulan\u0131r.\",\"breadcrumb\":{\"@id\":\"https:\/\/www.tugim.org\/faq-items\/genel-kurulun-oy-kullanma-ve-karar-alma-usul-ve-sekilleri\/#breadcrumb\"},\"inLanguage\":\"en-US\",\"potentialAction\":[{\"@type\":\"ReadAction\",\"target\":[\"https:\/\/www.tugim.org\/faq-items\/genel-kurulun-oy-kullanma-ve-karar-alma-usul-ve-sekilleri\/\"]}]},{\"@type\":\"BreadcrumbList\",\"@id\":\"https:\/\/www.tugim.org\/faq-items\/genel-kurulun-oy-kullanma-ve-karar-alma-usul-ve-sekilleri\/#breadcrumb\",\"itemListElement\":[{\"@type\":\"ListItem\",\"position\":1,\"name\":\"Ana sayfa\",\"item\":\"https:\/\/www.tugim.org\/\"},{\"@type\":\"ListItem\",\"position\":2,\"name\":\"FAQs\",\"item\":\"https:\/\/www.tugim.org\/faq-items\/\"},{\"@type\":\"ListItem\",\"position\":3,\"name\":\"Genel Kurulun Oy kullanma ve Karar Alma Usul ve \u015eekilleri\"}]},{\"@type\":\"WebSite\",\"@id\":\"https:\/\/www.tugim.org\/#website\",\"url\":\"https:\/\/www.tugim.org\/\",\"name\":\"T\u00dcG\u0130M\",\"description\":\"T\u00fcm Giri\u015fimci Ve \u0130\u015f Mentorlar\u0131 Derne\u011fi\",\"publisher\":{\"@id\":\"https:\/\/www.tugim.org\/#organization\"},\"potentialAction\":[{\"@type\":\"SearchAction\",\"target\":{\"@type\":\"EntryPoint\",\"urlTemplate\":\"https:\/\/www.tugim.org\/?s={search_term_string}\"},\"query-input\":{\"@type\":\"PropertyValueSpecification\",\"valueRequired\":true,\"valueName\":\"search_term_string\"}}],\"inLanguage\":\"en-US\"},{\"@type\":\"Organization\",\"@id\":\"https:\/\/www.tugim.org\/#organization\",\"name\":\"T\u00fcm Giri\u015fimci ve \u0130\u015f Mentorlar\u0131 Derne\u011fi\",\"url\":\"https:\/\/www.tugim.org\/\",\"logo\":{\"@type\":\"ImageObject\",\"inLanguage\":\"en-US\",\"@id\":\"https:\/\/www.tugim.org\/#\/schema\/logo\/image\/\",\"url\":\"https:\/\/www.tugim.org\/wp-content\/uploads\/2019\/02\/Tugim-girisimcilik-mentorluk-tubitak-mentoru-startup-e1584278111902.png\",\"contentUrl\":\"https:\/\/www.tugim.org\/wp-content\/uploads\/2019\/02\/Tugim-girisimcilik-mentorluk-tubitak-mentoru-startup-e1584278111902.png\",\"width\":150,\"height\":40,\"caption\":\"T\u00fcm Giri\u015fimci ve \u0130\u015f Mentorlar\u0131 Derne\u011fi\"},\"image\":{\"@id\":\"https:\/\/www.tugim.org\/#\/schema\/logo\/image\/\"},\"sameAs\":[\"https:\/\/www.linkedin.com\/company\/tugim-org\/\"]}]}<\/script>\n<!-- \/ Yoast SEO plugin. -->","yoast_head_json":{"title":"Genel Kurulun Oy kullanma ve Karar Alma Usul ve \u015eekilleri - T\u00dcG\u0130M","description":"Genel kurulda, aksine karar al\u0131nmam\u0131\u015fsa, oylamalar a\u00e7\u0131k olarak yap\u0131l\u0131r. A\u00e7\u0131k oylamada, genel kurul ba\u015fkan\u0131n\u0131n belirtece\u011fi y\u00f6ntem uygulan\u0131r.","robots":{"index":"index","follow":"follow","max-snippet":"max-snippet:-1","max-image-preview":"max-image-preview:large","max-video-preview":"max-video-preview:-1"},"canonical":"https:\/\/www.tugim.org\/en\/faq-items\/genel-kurulun-oy-kullanma-ve-karar-alma-usul-ve-sekilleri\/","og_locale":"en_US","og_type":"article","og_title":"Genel Kurulun Oy kullanma ve Karar Alma Usul ve \u015eekilleri - T\u00dcG\u0130M","og_description":"Genel kurulda, aksine karar al\u0131nmam\u0131\u015fsa, oylamalar a\u00e7\u0131k olarak yap\u0131l\u0131r. A\u00e7\u0131k oylamada, genel kurul ba\u015fkan\u0131n\u0131n belirtece\u011fi y\u00f6ntem uygulan\u0131r.","og_url":"https:\/\/www.tugim.org\/en\/faq-items\/genel-kurulun-oy-kullanma-ve-karar-alma-usul-ve-sekilleri\/","og_site_name":"T\u00dcG\u0130M","article_modified_time":"2026-02-23T22:47:03+00:00","og_image":[{"width":1920,"height":1080,"url":"https:\/\/www.tugim.org\/wp-content\/uploads\/2020\/04\/tugim-kay\u0131t-2.jpg","type":"image\/jpeg"}],"twitter_card":"summary_large_image","twitter_misc":{"Est. reading time":"1 minute"},"schema":{"@context":"https:\/\/schema.org","@graph":[{"@type":"WebPage","@id":"https:\/\/www.tugim.org\/faq-items\/genel-kurulun-oy-kullanma-ve-karar-alma-usul-ve-sekilleri\/","url":"https:\/\/www.tugim.org\/faq-items\/genel-kurulun-oy-kullanma-ve-karar-alma-usul-ve-sekilleri\/","name":"Genel Kurulun Oy kullanma ve Karar Alma Usul ve \u015eekilleri - T\u00dcG\u0130M","isPartOf":{"@id":"https:\/\/www.tugim.org\/#website"},"datePublished":"2020-09-09T21:37:24+00:00","dateModified":"2026-02-23T22:47:03+00:00","description":"Genel kurulda, aksine karar al\u0131nmam\u0131\u015fsa, oylamalar a\u00e7\u0131k olarak yap\u0131l\u0131r. A\u00e7\u0131k oylamada, genel kurul ba\u015fkan\u0131n\u0131n belirtece\u011fi y\u00f6ntem uygulan\u0131r.","breadcrumb":{"@id":"https:\/\/www.tugim.org\/faq-items\/genel-kurulun-oy-kullanma-ve-karar-alma-usul-ve-sekilleri\/#breadcrumb"},"inLanguage":"en-US","potentialAction":[{"@type":"ReadAction","target":["https:\/\/www.tugim.org\/faq-items\/genel-kurulun-oy-kullanma-ve-karar-alma-usul-ve-sekilleri\/"]}]},{"@type":"BreadcrumbList","@id":"https:\/\/www.tugim.org\/faq-items\/genel-kurulun-oy-kullanma-ve-karar-alma-usul-ve-sekilleri\/#breadcrumb","itemListElement":[{"@type":"ListItem","position":1,"name":"Ana sayfa","item":"https:\/\/www.tugim.org\/"},{"@type":"ListItem","position":2,"name":"FAQs","item":"https:\/\/www.tugim.org\/faq-items\/"},{"@type":"ListItem","position":3,"name":"Genel Kurulun Oy kullanma ve Karar Alma Usul ve \u015eekilleri"}]},{"@type":"WebSite","@id":"https:\/\/www.tugim.org\/#website","url":"https:\/\/www.tugim.org\/","name":"T\u00dcG\u0130M","description":"T\u00fcm Giri\u015fimci Ve \u0130\u015f Mentorlar\u0131 Derne\u011fi","publisher":{"@id":"https:\/\/www.tugim.org\/#organization"},"potentialAction":[{"@type":"SearchAction","target":{"@type":"EntryPoint","urlTemplate":"https:\/\/www.tugim.org\/?s={search_term_string}"},"query-input":{"@type":"PropertyValueSpecification","valueRequired":true,"valueName":"search_term_string"}}],"inLanguage":"en-US"},{"@type":"Organization","@id":"https:\/\/www.tugim.org\/#organization","name":"T\u00fcm Giri\u015fimci ve \u0130\u015f Mentorlar\u0131 Derne\u011fi","url":"https:\/\/www.tugim.org\/","logo":{"@type":"ImageObject","inLanguage":"en-US","@id":"https:\/\/www.tugim.org\/#\/schema\/logo\/image\/","url":"https:\/\/www.tugim.org\/wp-content\/uploads\/2019\/02\/Tugim-girisimcilik-mentorluk-tubitak-mentoru-startup-e1584278111902.png","contentUrl":"https:\/\/www.tugim.org\/wp-content\/uploads\/2019\/02\/Tugim-girisimcilik-mentorluk-tubitak-mentoru-startup-e1584278111902.png","width":150,"height":40,"caption":"T\u00fcm Giri\u015fimci ve \u0130\u015f Mentorlar\u0131 Derne\u011fi"},"image":{"@id":"https:\/\/www.tugim.org\/#\/schema\/logo\/image\/"},"sameAs":["https:\/\/www.linkedin.com\/company\/tugim-org\/"]}]}},"_links":{"self":[{"href":"https:\/\/www.tugim.org\/en\/wp-json\/wp\/v2\/avada_faq\/3386","targetHints":{"allow":["GET"]}}],"collection":[{"href":"https:\/\/www.tugim.org\/en\/wp-json\/wp\/v2\/avada_faq"}],"about":[{"href":"https:\/\/www.tugim.org\/en\/wp-json\/wp\/v2\/types\/avada_faq"}],"author":[{"embeddable":true,"href":"https:\/\/www.tugim.org\/en\/wp-json\/wp\/v2\/users\/1"}],"replies":[{"embeddable":true,"href":"https:\/\/www.tugim.org\/en\/wp-json\/wp\/v2\/comments?post=3386"}],"version-history":[{"count":1,"href":"https:\/\/www.tugim.org\/en\/wp-json\/wp\/v2\/avada_faq\/3386\/revisions"}],"predecessor-version":[{"id":5170,"href":"https:\/\/www.tugim.org\/en\/wp-json\/wp\/v2\/avada_faq\/3386\/revisions\/5170"}],"wp:attachment":[{"href":"https:\/\/www.tugim.org\/en\/wp-json\/wp\/v2\/media?parent=3386"}],"wp:term":[{"taxonomy":"faq_category","embeddable":true,"href":"https:\/\/www.tugim.org\/en\/wp-json\/wp\/v2\/faq_category?post=3386"}],"curies":[{"name":"wp","href":"https:\/\/api.w.org\/{rel}","templated":true}]}}